{"version":"1.0","provider_name":"","provider_url":"https:\/\/lucysphotos.cafeblog.hu","author_name":"Journeys-on-Milky-Way","author_url":"https:\/\/lucysphotos.cafeblog.hu\/author\/lucys_photos\/","title":"Kindertoj\u00e1s","html":":P Kiss\u00e9 csal\u00f3dott voltam, ugyanis nem hercegn\u0151s aj\u00e1nd\u00e9k volt a hercegn\u0151s kindertoj\u00e1sban :(\r\n\r\n<a href=\"https:\/\/lucysphotos.cafeblog.hu\/files\/2014\/01\/20140105_143822.jpg\"><img class=\"alignnone size-medium wp-image-258\" alt=\"..\" src=\"https:\/\/lucysphotos.cafeblog.hu\/files\/2014\/01\/20140105_143822-225x300.jpg\" width=\"225\" height=\"300\" \/><\/a>","type":"rich"}