{"version":"1.0","provider_name":"","provider_url":"https:\/\/lucysphotos.cafeblog.hu","author_name":"Journeys-on-Milky-Way","author_url":"https:\/\/lucysphotos.cafeblog.hu\/author\/lucys_photos\/","title":"Es\u0151...","html":"\"Az emberek dalokat \u00edrnak arr\u00f3l, hogy \"\u00e9nekelnek az<strong>\u00a0es\u0151ben<\/strong>\", de a val\u00f3s\u00e1gban, amikor b\u0151rig \u00e1znak, akkor csak sir\u00e1nkoznak.\"\r\n\r\n(Andrew Matthews)\r\n\r\n<a href=\"https:\/\/lucysphotos.cafeblog.hu\/files\/2013\/11\/20131121_151841.jpg\"><img class=\"alignnone size-medium wp-image-190\" alt=\"..\" src=\"https:\/\/lucysphotos.cafeblog.hu\/files\/2013\/11\/20131121_151841-300x225.jpg\" width=\"300\" height=\"225\" \/><\/a>","type":"rich"}