{"version":"1.0","provider_name":"","provider_url":"https:\/\/lucysphotos.cafeblog.hu","author_name":"Journeys-on-Milky-Way","author_url":"https:\/\/lucysphotos.cafeblog.hu\/author\/lucys_photos\/","title":"...","html":"Szint\u00e9n egy reggel k\u00e9sz\u00fclt k\u00e9p. Van egy apokaliptikus hangulata .\r\n\r\n<a href=\"https:\/\/lucysphotos.cafeblog.hu\/files\/2013\/10\/IMG876.jpg\"><img class=\"alignnone size-medium wp-image-54\" alt=\"..\" src=\"https:\/\/lucysphotos.cafeblog.hu\/files\/2013\/10\/IMG876-300x225.jpg\" width=\"300\" height=\"225\" \/><\/a>","type":"rich"}